{"id":57644,"date":"2021-10-27T01:05:57","date_gmt":"2021-10-27T05:05:57","guid":{"rendered":"https:\/\/www.riacanada.ca\/?page_id=57644"},"modified":"2021-10-27T01:05:57","modified_gmt":"2021-10-27T05:05:57","slug":"marie-pierre-ippersiel","status":"publish","type":"page","link":"https:\/\/www.riacanada.ca\/fr\/marie-pierre-ippersiel\/","title":{"rendered":"Marie-Pierre Ippersiel"},"content":{"rendered":"<p><img decoding=\"async\" loading=\"lazy\" class=\"wp-image-57645 aligncenter\" src=\"https:\/\/www.riacanada.ca\/content\/uploads\/2021\/10\/Marie-Pierre-Ippersiel.jpg\" alt=\"\" width=\"230\" height=\"230\" srcset=\"https:\/\/www.riacanada.ca\/content\/uploads\/2021\/10\/Marie-Pierre-Ippersiel.jpg 2555w, https:\/\/www.riacanada.ca\/content\/uploads\/2021\/10\/Marie-Pierre-Ippersiel-150x150.jpg 150w, https:\/\/www.riacanada.ca\/content\/uploads\/2021\/10\/Marie-Pierre-Ippersiel-500x500.jpg 500w, https:\/\/www.riacanada.ca\/content\/uploads\/2021\/10\/Marie-Pierre-Ippersiel-768x768.jpg 768w, https:\/\/www.riacanada.ca\/content\/uploads\/2021\/10\/Marie-Pierre-Ippersiel-1000x1000.jpg 1000w, https:\/\/www.riacanada.ca\/content\/uploads\/2021\/10\/Marie-Pierre-Ippersiel-1920x1920.jpg 1920w\" sizes=\"(max-width: 230px) 100vw, 230px\" \/><\/p>\n<p style=\"text-align: center;\"><strong>Pr\u00e9sidente et directrice g\u00e9n\u00e9rale de PRIMA Qu\u00e9bec et<br \/>\n<\/strong><strong>co-pr\u00e9sidente du Groupe consultatif sur la carboneutralit\u00e9<\/strong><\/p>\n<p style=\"text-align: left;\">Marie-Pierre Ippersiel est pr\u00e9sidente et directrice g\u00e9n\u00e9rale de PRIMA Qu\u00e9bec. Auparavant, elle a \u00e9t\u00e9 vice-pr\u00e9sidente d\u2019\u00c9cotech Qu\u00e9bec, la grappe des technologies propres pendant plus de six ans. Dans le cadre de ses fonctions, elle a notamment dirig\u00e9 les op\u00e9rations de la grappe, coordonn\u00e9 des chantiers de travail et d\u00e9velopp\u00e9 les diff\u00e9rents contenus (m\u00e9moires, \u00e9tudes). Conseill\u00e8re en recherche \u00e0 la Communaut\u00e9 m\u00e9tropolitaine de Montr\u00e9al (CMM) de 2004-2010, elle a contribu\u00e9 \u00e0 la mise en \u0153uvre des principaux outils du Plan de d\u00e9veloppement \u00e9conomique du Grand Montr\u00e9al, dont la strat\u00e9gie des grappes. En 2003, elle a r\u00e9alis\u00e9 un avis sur l\u2019innovation dans les municipalit\u00e9s qu\u00e9b\u00e9coises pour le Conseil de la science et de la technologie. Marie-Pierre d\u00e9tient un doctorat en \u00e9tudes urbaines de l\u2019INRS-Urbanisation, Culture et Soci\u00e9t\u00e9 o\u00f9 elle s\u2019est pench\u00e9e sur les relations science\/industrie et le soutien technologique aux PME dans les Centres coll\u00e9giaux de transfert de technologie. Elle a particip\u00e9 \u00e0 la Conf\u00e9rence canadienne du Gouverneur g\u00e9n\u00e9ral sur le leadership en 2017. Elle si\u00e8ge, entre autres, sur les conseils d\u2019administration de NanoCanada, du R\u00e9seau strat\u00e9gique Green Surface Engineering for Advanced Manufacturing, de l\u2019ADRIQ, de l\u2019Institut national de la recherche scientifique (INRS) et co-pr\u00e9side le Groupe consultatif canadien pour la carboneutralit\u00e9.<\/p>\n","protected":false},"excerpt":{"rendered":"<p>Pr\u00e9sidente et directrice g\u00e9n\u00e9rale de PRIMA Qu\u00e9bec et co-pr\u00e9sidente du Groupe consultatif sur la carboneutralit\u00e9 Marie-Pierre Ippersiel est pr\u00e9sidente et directrice g\u00e9n\u00e9rale de PRIMA Qu\u00e9bec. Auparavant, elle a \u00e9t\u00e9 vice-pr\u00e9sidente d\u2019\u00c9cotech Qu\u00e9bec, la grappe des technologies propres pendant plus de six ans. Dans le cadre de ses fonctions, elle a notamment dirig\u00e9 les op\u00e9rations de [&hellip;]<\/p>\n","protected":false},"author":7472,"featured_media":0,"parent":0,"menu_order":0,"comment_status":"closed","ping_status":"closed","template":"","meta":{"footnotes":""},"acf":[],"yoast_head":"<!-- This site is optimized with the Yoast SEO plugin v21.0 - https:\/\/yoast.com\/wordpress\/plugins\/seo\/ -->\n<title>Marie-Pierre Ippersiel - Responsible Investment Association<\/title>\n<meta name=\"robots\" content=\"index, follow, max-snippet:-1, max-image-preview:large, max-video-preview:-1\" \/>\n<link rel=\"canonical\" href=\"https:\/\/www.riacanada.ca\/fr\/marie-pierre-ippersiel\/\" \/>\n<meta property=\"og:locale\" content=\"fr_FR\" \/>\n<meta property=\"og:type\" content=\"article\" \/>\n<meta property=\"og:title\" content=\"Marie-Pierre Ippersiel - Responsible Investment Association\" \/>\n<meta property=\"og:description\" content=\"Pr\u00e9sidente et directrice g\u00e9n\u00e9rale de PRIMA Qu\u00e9bec et co-pr\u00e9sidente du Groupe consultatif sur la carboneutralit\u00e9 Marie-Pierre Ippersiel est pr\u00e9sidente et directrice g\u00e9n\u00e9rale de PRIMA Qu\u00e9bec. Auparavant, elle a \u00e9t\u00e9 vice-pr\u00e9sidente d\u2019\u00c9cotech Qu\u00e9bec, la grappe des technologies propres pendant plus de six ans. Dans le cadre de ses fonctions, elle a notamment dirig\u00e9 les op\u00e9rations de [&hellip;]\" \/>\n<meta property=\"og:url\" content=\"https:\/\/www.riacanada.ca\/fr\/marie-pierre-ippersiel\/\" \/>\n<meta property=\"og:site_name\" content=\"Responsible Investment Association\" \/>\n<meta property=\"og:image\" content=\"https:\/\/www.riacanada.ca\/content\/uploads\/2021\/10\/Marie-Pierre-Ippersiel.jpg\" \/>\n<meta name=\"twitter:card\" content=\"summary_large_image\" \/>\n<meta name=\"twitter:label1\" content=\"Dur\u00e9e de lecture estim\u00e9e\" \/>\n\t<meta name=\"twitter:data1\" content=\"1 minute\" \/>\n<script type=\"application\/ld+json\" class=\"yoast-schema-graph\">{\"@context\":\"https:\/\/schema.org\",\"@graph\":[{\"@type\":\"WebPage\",\"@id\":\"https:\/\/www.riacanada.ca\/fr\/marie-pierre-ippersiel\/\",\"url\":\"https:\/\/www.riacanada.ca\/fr\/marie-pierre-ippersiel\/\",\"name\":\"Marie-Pierre Ippersiel - Responsible Investment Association\",\"isPartOf\":{\"@id\":\"https:\/\/www.riacanada.ca\/fr\/#website\"},\"datePublished\":\"2021-10-27T05:05:57+00:00\",\"dateModified\":\"2021-10-27T05:05:57+00:00\",\"breadcrumb\":{\"@id\":\"https:\/\/www.riacanada.ca\/fr\/marie-pierre-ippersiel\/#breadcrumb\"},\"inLanguage\":\"fr-FR\",\"potentialAction\":[{\"@type\":\"ReadAction\",\"target\":[\"https:\/\/www.riacanada.ca\/fr\/marie-pierre-ippersiel\/\"]}]},{\"@type\":\"BreadcrumbList\",\"@id\":\"https:\/\/www.riacanada.ca\/fr\/marie-pierre-ippersiel\/#breadcrumb\",\"itemListElement\":[{\"@type\":\"ListItem\",\"position\":1,\"name\":\"Home\",\"item\":\"https:\/\/www.riacanada.ca\/fr\/\"},{\"@type\":\"ListItem\",\"position\":2,\"name\":\"Marie-Pierre Ippersiel\"}]},{\"@type\":\"WebSite\",\"@id\":\"https:\/\/www.riacanada.ca\/fr\/#website\",\"url\":\"https:\/\/www.riacanada.ca\/fr\/\",\"name\":\"Responsible Investment Association\",\"description\":\"Canada&#039;s membership network for responsible investment\",\"potentialAction\":[{\"@type\":\"SearchAction\",\"target\":{\"@type\":\"EntryPoint\",\"urlTemplate\":\"https:\/\/www.riacanada.ca\/fr\/?s={search_term_string}\"},\"query-input\":\"required name=search_term_string\"}],\"inLanguage\":\"fr-FR\"}]}<\/script>\n<!-- \/ Yoast SEO plugin. -->","yoast_head_json":{"title":"Marie-Pierre Ippersiel - Responsible Investment Association","robots":{"index":"index","follow":"follow","max-snippet":"max-snippet:-1","max-image-preview":"max-image-preview:large","max-video-preview":"max-video-preview:-1"},"canonical":"https:\/\/www.riacanada.ca\/fr\/marie-pierre-ippersiel\/","og_locale":"fr_FR","og_type":"article","og_title":"Marie-Pierre Ippersiel - Responsible Investment Association","og_description":"Pr\u00e9sidente et directrice g\u00e9n\u00e9rale de PRIMA Qu\u00e9bec et co-pr\u00e9sidente du Groupe consultatif sur la carboneutralit\u00e9 Marie-Pierre Ippersiel est pr\u00e9sidente et directrice g\u00e9n\u00e9rale de PRIMA Qu\u00e9bec. Auparavant, elle a \u00e9t\u00e9 vice-pr\u00e9sidente d\u2019\u00c9cotech Qu\u00e9bec, la grappe des technologies propres pendant plus de six ans. Dans le cadre de ses fonctions, elle a notamment dirig\u00e9 les op\u00e9rations de [&hellip;]","og_url":"https:\/\/www.riacanada.ca\/fr\/marie-pierre-ippersiel\/","og_site_name":"Responsible Investment Association","og_image":[{"url":"https:\/\/www.riacanada.ca\/content\/uploads\/2021\/10\/Marie-Pierre-Ippersiel.jpg"}],"twitter_card":"summary_large_image","twitter_misc":{"Dur\u00e9e de lecture estim\u00e9e":"1 minute"},"schema":{"@context":"https:\/\/schema.org","@graph":[{"@type":"WebPage","@id":"https:\/\/www.riacanada.ca\/fr\/marie-pierre-ippersiel\/","url":"https:\/\/www.riacanada.ca\/fr\/marie-pierre-ippersiel\/","name":"Marie-Pierre Ippersiel - Responsible Investment Association","isPartOf":{"@id":"https:\/\/www.riacanada.ca\/fr\/#website"},"datePublished":"2021-10-27T05:05:57+00:00","dateModified":"2021-10-27T05:05:57+00:00","breadcrumb":{"@id":"https:\/\/www.riacanada.ca\/fr\/marie-pierre-ippersiel\/#breadcrumb"},"inLanguage":"fr-FR","potentialAction":[{"@type":"ReadAction","target":["https:\/\/www.riacanada.ca\/fr\/marie-pierre-ippersiel\/"]}]},{"@type":"BreadcrumbList","@id":"https:\/\/www.riacanada.ca\/fr\/marie-pierre-ippersiel\/#breadcrumb","itemListElement":[{"@type":"ListItem","position":1,"name":"Home","item":"https:\/\/www.riacanada.ca\/fr\/"},{"@type":"ListItem","position":2,"name":"Marie-Pierre Ippersiel"}]},{"@type":"WebSite","@id":"https:\/\/www.riacanada.ca\/fr\/#website","url":"https:\/\/www.riacanada.ca\/fr\/","name":"Responsible Investment Association","description":"Canada&#039;s membership network for responsible investment","potentialAction":[{"@type":"SearchAction","target":{"@type":"EntryPoint","urlTemplate":"https:\/\/www.riacanada.ca\/fr\/?s={search_term_string}"},"query-input":"required name=search_term_string"}],"inLanguage":"fr-FR"}]}},"_links":{"self":[{"href":"https:\/\/www.riacanada.ca\/fr\/wp-json\/wp\/v2\/pages\/57644"}],"collection":[{"href":"https:\/\/www.riacanada.ca\/fr\/wp-json\/wp\/v2\/pages"}],"about":[{"href":"https:\/\/www.riacanada.ca\/fr\/wp-json\/wp\/v2\/types\/page"}],"author":[{"embeddable":true,"href":"https:\/\/www.riacanada.ca\/fr\/wp-json\/wp\/v2\/users\/7472"}],"replies":[{"embeddable":true,"href":"https:\/\/www.riacanada.ca\/fr\/wp-json\/wp\/v2\/comments?post=57644"}],"version-history":[{"count":1,"href":"https:\/\/www.riacanada.ca\/fr\/wp-json\/wp\/v2\/pages\/57644\/revisions"}],"predecessor-version":[{"id":57647,"href":"https:\/\/www.riacanada.ca\/fr\/wp-json\/wp\/v2\/pages\/57644\/revisions\/57647"}],"wp:attachment":[{"href":"https:\/\/www.riacanada.ca\/fr\/wp-json\/wp\/v2\/media?parent=57644"}],"curies":[{"name":"wp","href":"https:\/\/api.w.org\/{rel}","templated":true}]}}